{"id":9,"date":"2024-05-15T10:59:16","date_gmt":"2024-05-15T08:59:16","guid":{"rendered":"http:\/\/www.dr-thaler.at\/zahnarzt\/?page_id=9"},"modified":"2025-10-13T18:20:08","modified_gmt":"2025-10-13T16:20:08","slug":"team","status":"publish","type":"page","link":"https:\/\/www.dr-thaler.at\/zahnarzt\/team\/","title":{"rendered":"Team"},"content":{"rendered":"<p><div class=\"fusion-fullwidth fullwidth-box fusion-builder-row-1 hundred-percent-fullwidth non-hundred-percent-height-scrolling\" style=\"--awb-border-radius-top-left:0px;--awb-border-radius-top-right:0px;--awb-border-radius-bottom-right:0px;--awb-border-radius-bottom-left:0px;--awb-overflow:visible;--awb-flex-wrap:wrap;\" ><div class=\"fusion-builder-row fusion-row\"><div class=\"fusion-layout-column fusion_builder_column fusion-builder-column-0 fusion_builder_column_1_1 1_1 fusion-one-full fusion-column-first fusion-column-last\" style=\"--awb-bg-color:#ffffff;--awb-bg-color-hover:#ffffff;--awb-bg-size:cover;\"><div class=\"fusion-column-wrapper fusion-flex-column-wrapper-legacy\"><div class=\"fusion-text fusion-text-1\"><p style=\"text-align: left;\"><span style=\"font-family: Open Sans; font-size: 32px; font-weight: 300;\">Wir behandeln keine Z\u00e4hne, sondern Menschen.<\/span><\/p>\n<\/div><div class=\"fusion-clearfix\"><\/div><\/div><\/div><\/div><\/div><div class=\"fusion-fullwidth fullwidth-box fusion-builder-row-2 has-pattern-background has-mask-background hundred-percent-fullwidth non-hundred-percent-height-scrolling\" style=\"--awb-border-radius-top-left:0px;--awb-border-radius-top-right:0px;--awb-border-radius-bottom-right:0px;--awb-border-radius-bottom-left:0px;--awb-overflow:visible;--awb-flex-wrap:wrap;\" ><div class=\"fusion-builder-row fusion-row\"><div class=\"fusion-layout-column fusion_builder_column fusion-builder-column-1 fusion_builder_column_1_2 1_2 fusion-one-half fusion-column-first\" style=\"--awb-bg-size:cover;--awb-margin-top:20px;width:48%; margin-right: 4%;\"><div class=\"fusion-column-wrapper fusion-flex-column-wrapper-legacy\"><div class=\"fusion-text fusion-text-2\"><p>Unsere Fach\u00e4rzte Dr. Christian Thaler, DDr. Dominik Plaschke und Dr. Michaela Roth (Kieferorthop\u00e4din) werden von einem Team aus f\u00fcnf Zahnarzt- und Prophylaxeassistentinnen und Rezeptionistinnen unterst\u00fctzt. Dabei legen wir besonderen Wert auf die Auswahl und Weiterbildung qualifizierter Mitarbeiter.<\/p>\n<\/div><div class=\"fusion-clearfix\"><\/div><\/div><\/div><div class=\"fusion-layout-column fusion_builder_column fusion-builder-column-2 fusion_builder_column_1_2 1_2 fusion-one-half fusion-column-last\" style=\"--awb-bg-size:cover;--awb-margin-top:20px;width:48%;\"><div class=\"fusion-column-wrapper fusion-flex-column-wrapper-legacy\"><div class=\"fusion-text fusion-text-3\"><p>Durch laufende interne und externe Fortbildungen sind wir bestrebt unseren hohen Qualit\u00e4tsanspr\u00fcchen gerecht zu werden. Pers\u00f6nliche Beratungen und einf\u00fchlsame Behandlungen in einer angenehmen und freundlichen Atmosph\u00e4re sind f\u00fcr unser bestens geschultes Fachpersonal eine Selbstverst\u00e4ndlichkeit.<\/p>\n<\/div><div class=\"fusion-clearfix\"><\/div><\/div><\/div><div class=\"fusion-layout-column fusion_builder_column fusion-builder-column-3 fusion_builder_column_1_1 1_1 fusion-one-full fusion-column-first fusion-column-last fusion-column-no-min-height\" style=\"--awb-bg-size:cover;--awb-margin-top:30px;--awb-margin-bottom:0px;\" data-scroll-devices=\"small-visibility,medium-visibility,large-visibility\"><div class=\"fusion-column-wrapper fusion-column-has-shadow fusion-flex-column-wrapper-legacy\"><div class=\"fusion-title title fusion-title-1 fusion-title-center fusion-title-text fusion-title-size-two\" style=\"--awb-margin-top:30px;\"><div class=\"title-sep-container title-sep-container-left\"><div class=\"title-sep sep-single sep-solid\" style=\"border-color:#e0dede;\"><\/div><\/div><span class=\"awb-title-spacer\"><\/span><h2 class=\"fusion-title-heading title-heading-center fusion-responsive-typography-calculated\" style=\"margin:0;--fontSize:22;--minFontSize:22;line-height:1.23;\">Das Fach\u00e4rzte-Team<\/h2><span class=\"awb-title-spacer\"><\/span><div class=\"title-sep-container title-sep-container-right\"><div class=\"title-sep sep-single sep-solid\" style=\"border-color:#e0dede;\"><\/div><\/div><\/div><div class=\"fusion-clearfix\"><\/div><\/div><\/div><div class=\"fusion-layout-column fusion_builder_column fusion-builder-column-4 fusion_builder_column_1_3 1_3 fusion-one-third fusion-column-first\" style=\"--awb-bg-color:#f4f4f4;--awb-bg-color-hover:#f4f4f4;--awb-bg-size:cover;--awb-border-color:#c6c6c6;--awb-border-top:1px;--awb-border-right:1px;--awb-border-bottom:1px;--awb-border-left:1px;--awb-border-style:solid;width:30.6666%; margin-right: 4%;\"><div class=\"fusion-column-wrapper fusion-flex-column-wrapper-legacy\"><div class=\"fusion-text fusion-text-4\"><p style=\"text-align: center; padding-top: 20px;\"><span style=\"font-family: Open Sans; font-size: 24px; font-weight: 400;\">DR. CHRISTIAN THALER<\/span><br \/>\n<small>Spezialgebiet: Implantologie<\/small><\/p>\n<\/div><div class=\"fusion-image-element fusion-image-align-center in-legacy-container\" style=\"text-align:center;--awb-bottom-shadow-color:rgba(0,0,0,0.4);--awb-caption-title-font-family:var(--h2_typography-font-family);--awb-caption-title-font-weight:var(--h2_typography-font-weight);--awb-caption-title-font-style:var(--h2_typography-font-style);--awb-caption-title-size:var(--h2_typography-font-size);--awb-caption-title-transform:var(--h2_typography-text-transform);--awb-caption-title-line-height:var(--h2_typography-line-height);--awb-caption-title-letter-spacing:var(--h2_typography-letter-spacing);\"><div class=\"imageframe-align-center\"><div class=\"awb-image-frame awb-image-frame-1 awb-bottomshadow\"><span class=\" fusion-imageframe imageframe-bottomshadow imageframe-1 hover-type-none\"><img decoding=\"async\" width=\"960\" height=\"960\" title=\"Dr. Christian Thaler\" src=\"https:\/\/www.dr-thaler.at\/zahnarzt\/wp-content\/uploads\/2020\/11\/dr-thaler-christian-zahnarzt.jpg\" alt class=\"img-responsive wp-image-431\" srcset=\"https:\/\/www.dr-thaler.at\/zahnarzt\/wp-content\/uploads\/2020\/11\/dr-thaler-christian-zahnarzt-200x200.jpg 200w, https:\/\/www.dr-thaler.at\/zahnarzt\/wp-content\/uploads\/2020\/11\/dr-thaler-christian-zahnarzt-400x400.jpg 400w, https:\/\/www.dr-thaler.at\/zahnarzt\/wp-content\/uploads\/2020\/11\/dr-thaler-christian-zahnarzt-600x600.jpg 600w, https:\/\/www.dr-thaler.at\/zahnarzt\/wp-content\/uploads\/2020\/11\/dr-thaler-christian-zahnarzt-800x800.jpg 800w, https:\/\/www.dr-thaler.at\/zahnarzt\/wp-content\/uploads\/2020\/11\/dr-thaler-christian-zahnarzt.jpg 960w\" sizes=\"(max-width: 800px) 100vw, 400px\" \/><\/span><svg xmlns=\"http:\/\/www.w3.org\/2000\/svg\" version=\"1.1\" width=\"100%\" viewBox=\"0 0 600 28\" preserveAspectRatio=\"none\"><g clip-path=\"url(#a)\"><mask id=\"b\" style=\"mask-type:luminance\" maskUnits=\"userSpaceOnUse\" x=\"0\" y=\"0\" width=\"600\" height=\"28\"><path d=\"M0 0h600v28H0V0Z\" fill=\"#fff\"\/><\/mask><g filter=\"url(#c)\" mask=\"url(#b)\"><path d=\"M16.439-18.667h567.123v30.8S438.961-8.4 300-8.4C161.04-8.4 16.438 12.133 16.438 12.133v-30.8Z\" fill=\"#000\"\/><\/g><\/g><defs><clipPath id=\"a\"><path fill=\"#fff\" d=\"M0 0h600v28H0z\"\/><\/clipPath><filter id=\"c\" x=\"5.438\" y=\"-29.667\" width=\"589.123\" height=\"52.8\" filterUnits=\"userSpaceOnUse\" color-interpolation-filters=\"sRGB\"><feFlood flood-opacity=\"0\" result=\"BackgroundImageFix\"\/><feBlend in=\"SourceGraphic\" in2=\"BackgroundImageFix\" result=\"shape\"\/><feGaussianBlur stdDeviation=\"5.5\" result=\"effect1_foregroundBlur_3983_183\"\/><\/filter><\/defs><\/svg><\/div><\/div><\/div><div class=\"fusion-clearfix\"><\/div><\/div><\/div><div class=\"fusion-layout-column fusion_builder_column fusion-builder-column-5 fusion_builder_column_1_3 1_3 fusion-one-third\" style=\"--awb-bg-color:#f4f4f4;--awb-bg-color-hover:#f4f4f4;--awb-bg-size:cover;--awb-border-color:#c6c6c6;--awb-border-top:1px;--awb-border-right:1px;--awb-border-bottom:1px;--awb-border-left:1px;--awb-border-style:solid;width:30.6666%; margin-right: 4%;\"><div class=\"fusion-column-wrapper fusion-flex-column-wrapper-legacy\"><div class=\"fusion-text fusion-text-5\"><p style=\"text-align: center; padding-top: 20px;\"><span style=\"font-family: Open Sans; font-size: 24px; font-weight: 400;\">DR. MICHAELA ROTH<\/span><br \/>\n<small>Spezialgebiet: Kieferorthop\u00e4die<\/small><\/p>\n<\/div><div class=\"fusion-image-element fusion-image-align-center in-legacy-container\" style=\"text-align:center;--awb-bottom-shadow-color:rgba(0,0,0,0.4);--awb-caption-title-font-family:var(--h2_typography-font-family);--awb-caption-title-font-weight:var(--h2_typography-font-weight);--awb-caption-title-font-style:var(--h2_typography-font-style);--awb-caption-title-size:var(--h2_typography-font-size);--awb-caption-title-transform:var(--h2_typography-text-transform);--awb-caption-title-line-height:var(--h2_typography-line-height);--awb-caption-title-letter-spacing:var(--h2_typography-letter-spacing);\"><div class=\"imageframe-align-center\"><div class=\"awb-image-frame awb-image-frame-2 awb-bottomshadow\"><span class=\" fusion-imageframe imageframe-bottomshadow imageframe-2 hover-type-none\"><img decoding=\"async\" width=\"960\" height=\"960\" title=\"Dr. Michaela Roth\" src=\"https:\/\/www.dr-thaler.at\/zahnarzt\/wp-content\/uploads\/2020\/11\/dr-roth-michaela_kieferorthopaedin.jpg\" alt class=\"img-responsive wp-image-437\" srcset=\"https:\/\/www.dr-thaler.at\/zahnarzt\/wp-content\/uploads\/2020\/11\/dr-roth-michaela_kieferorthopaedin-200x200.jpg 200w, https:\/\/www.dr-thaler.at\/zahnarzt\/wp-content\/uploads\/2020\/11\/dr-roth-michaela_kieferorthopaedin-400x400.jpg 400w, https:\/\/www.dr-thaler.at\/zahnarzt\/wp-content\/uploads\/2020\/11\/dr-roth-michaela_kieferorthopaedin-600x600.jpg 600w, https:\/\/www.dr-thaler.at\/zahnarzt\/wp-content\/uploads\/2020\/11\/dr-roth-michaela_kieferorthopaedin-800x800.jpg 800w, https:\/\/www.dr-thaler.at\/zahnarzt\/wp-content\/uploads\/2020\/11\/dr-roth-michaela_kieferorthopaedin.jpg 960w\" sizes=\"(max-width: 800px) 100vw, 400px\" \/><\/span><svg xmlns=\"http:\/\/www.w3.org\/2000\/svg\" version=\"1.1\" width=\"100%\" viewBox=\"0 0 600 28\" preserveAspectRatio=\"none\"><g clip-path=\"url(#a)\"><mask id=\"b\" style=\"mask-type:luminance\" maskUnits=\"userSpaceOnUse\" x=\"0\" y=\"0\" width=\"600\" height=\"28\"><path d=\"M0 0h600v28H0V0Z\" fill=\"#fff\"\/><\/mask><g filter=\"url(#c)\" mask=\"url(#b)\"><path d=\"M16.439-18.667h567.123v30.8S438.961-8.4 300-8.4C161.04-8.4 16.438 12.133 16.438 12.133v-30.8Z\" fill=\"#000\"\/><\/g><\/g><defs><clipPath id=\"a\"><path fill=\"#fff\" d=\"M0 0h600v28H0z\"\/><\/clipPath><filter id=\"c\" x=\"5.438\" y=\"-29.667\" width=\"589.123\" height=\"52.8\" filterUnits=\"userSpaceOnUse\" color-interpolation-filters=\"sRGB\"><feFlood flood-opacity=\"0\" result=\"BackgroundImageFix\"\/><feBlend in=\"SourceGraphic\" in2=\"BackgroundImageFix\" result=\"shape\"\/><feGaussianBlur stdDeviation=\"5.5\" result=\"effect1_foregroundBlur_3983_183\"\/><\/filter><\/defs><\/svg><\/div><\/div><\/div><div class=\"fusion-clearfix\"><\/div><\/div><\/div><div class=\"fusion-layout-column fusion_builder_column fusion-builder-column-6 fusion_builder_column_1_3 1_3 fusion-one-third fusion-column-last\" style=\"--awb-bg-color:#f4f4f4;--awb-bg-color-hover:#f4f4f4;--awb-bg-size:cover;--awb-border-color:#c6c6c6;--awb-border-top:1px;--awb-border-right:1px;--awb-border-bottom:1px;--awb-border-left:1px;--awb-border-style:solid;width:30.6666%;\"><div class=\"fusion-column-wrapper fusion-flex-column-wrapper-legacy\"><div class=\"fusion-text fusion-text-6\"><p style=\"text-align: center; padding-top: 20px;\"><span style=\"font-family: Open Sans; font-size: 24px; font-weight: 400;\">DDR. DOMINIK PLASCHKE<\/span><br \/>\n<small>Spezialgebiet: Kieferchirurgie<\/small><\/p>\n<\/div><div class=\"fusion-image-element fusion-image-align-center in-legacy-container\" style=\"text-align:center;--awb-bottom-shadow-color:rgba(0,0,0,0.4);--awb-caption-title-font-family:var(--h2_typography-font-family);--awb-caption-title-font-weight:var(--h2_typography-font-weight);--awb-caption-title-font-style:var(--h2_typography-font-style);--awb-caption-title-size:var(--h2_typography-font-size);--awb-caption-title-transform:var(--h2_typography-text-transform);--awb-caption-title-line-height:var(--h2_typography-line-height);--awb-caption-title-letter-spacing:var(--h2_typography-letter-spacing);\"><div class=\"imageframe-align-center\"><div class=\"awb-image-frame awb-image-frame-3 awb-bottomshadow\"><span class=\" fusion-imageframe imageframe-bottomshadow imageframe-3 hover-type-none\"><img decoding=\"async\" width=\"960\" height=\"960\" title=\"DDr. Dominik Plaschke\" src=\"https:\/\/www.dr-thaler.at\/zahnarzt\/wp-content\/uploads\/2025\/10\/ddr-dominik-plaschke_team.webp\" alt class=\"img-responsive wp-image-553\" srcset=\"https:\/\/www.dr-thaler.at\/zahnarzt\/wp-content\/uploads\/2025\/10\/ddr-dominik-plaschke_team-200x200.webp 200w, https:\/\/www.dr-thaler.at\/zahnarzt\/wp-content\/uploads\/2025\/10\/ddr-dominik-plaschke_team-400x400.webp 400w, https:\/\/www.dr-thaler.at\/zahnarzt\/wp-content\/uploads\/2025\/10\/ddr-dominik-plaschke_team-600x600.webp 600w, https:\/\/www.dr-thaler.at\/zahnarzt\/wp-content\/uploads\/2025\/10\/ddr-dominik-plaschke_team-800x800.webp 800w, https:\/\/www.dr-thaler.at\/zahnarzt\/wp-content\/uploads\/2025\/10\/ddr-dominik-plaschke_team.webp 960w\" sizes=\"(max-width: 800px) 100vw, 400px\" \/><\/span><svg xmlns=\"http:\/\/www.w3.org\/2000\/svg\" version=\"1.1\" width=\"100%\" viewBox=\"0 0 600 28\" preserveAspectRatio=\"none\"><g clip-path=\"url(#a)\"><mask id=\"b\" style=\"mask-type:luminance\" maskUnits=\"userSpaceOnUse\" x=\"0\" y=\"0\" width=\"600\" height=\"28\"><path d=\"M0 0h600v28H0V0Z\" fill=\"#fff\"\/><\/mask><g filter=\"url(#c)\" mask=\"url(#b)\"><path d=\"M16.439-18.667h567.123v30.8S438.961-8.4 300-8.4C161.04-8.4 16.438 12.133 16.438 12.133v-30.8Z\" fill=\"#000\"\/><\/g><\/g><defs><clipPath id=\"a\"><path fill=\"#fff\" d=\"M0 0h600v28H0z\"\/><\/clipPath><filter id=\"c\" x=\"5.438\" y=\"-29.667\" width=\"589.123\" height=\"52.8\" filterUnits=\"userSpaceOnUse\" color-interpolation-filters=\"sRGB\"><feFlood flood-opacity=\"0\" result=\"BackgroundImageFix\"\/><feBlend in=\"SourceGraphic\" in2=\"BackgroundImageFix\" result=\"shape\"\/><feGaussianBlur stdDeviation=\"5.5\" result=\"effect1_foregroundBlur_3983_183\"\/><\/filter><\/defs><\/svg><\/div><\/div><\/div><div class=\"fusion-clearfix\"><\/div><\/div><\/div><\/div><\/div><div class=\"fusion-fullwidth fullwidth-box fusion-builder-row-3 hundred-percent-fullwidth non-hundred-percent-height-scrolling fusion-equal-height-columns\" style=\"--awb-border-radius-top-left:0px;--awb-border-radius-top-right:0px;--awb-border-radius-bottom-right:0px;--awb-border-radius-bottom-left:0px;--awb-overflow:visible;--awb-flex-wrap:wrap;\" ><div class=\"fusion-builder-row fusion-row\"><div class=\"fusion-layout-column fusion_builder_column fusion-builder-column-7 fusion_builder_column_1_1 1_1 fusion-one-full fusion-column-first fusion-column-last fusion-column-no-min-height\" style=\"--awb-bg-size:cover;--awb-margin-bottom:0px;\"><div class=\"fusion-column-wrapper fusion-flex-column-wrapper-legacy\"><div class=\"fusion-title title fusion-title-2 fusion-title-center fusion-title-text fusion-title-size-two\" style=\"--awb-margin-top:30px;\"><div class=\"title-sep-container title-sep-container-left\"><div class=\"title-sep sep-single sep-solid\" style=\"border-color:#e0dede;\"><\/div><\/div><span class=\"awb-title-spacer\"><\/span><h2 class=\"fusion-title-heading title-heading-center fusion-responsive-typography-calculated\" style=\"margin:0;--fontSize:22;--minFontSize:22;line-height:1.23;\">Unsere Prophylaxe-Assistentinnen<\/h2><span class=\"awb-title-spacer\"><\/span><div class=\"title-sep-container title-sep-container-right\"><div class=\"title-sep sep-single sep-solid\" style=\"border-color:#e0dede;\"><\/div><\/div><\/div><div class=\"fusion-clearfix\"><\/div><\/div><\/div><div class=\"fusion-layout-column fusion_builder_column fusion-builder-column-8 fusion_builder_column_1_4 1_4 fusion-one-fourth fusion-column-first fusion-no-small-visibility\" style=\"--awb-bg-color:var(--awb-color1);--awb-bg-color-hover:var(--awb-color1);--awb-bg-size:cover;--awb-border-color:#c6c6c6;--awb-border-top:1px;--awb-border-right:1px;--awb-border-bottom:1px;--awb-border-left:1px;--awb-border-style:solid;width:22%; margin-right: 4%;\" data-scroll-devices=\"small-visibility,medium-visibility,large-visibility\"><div class=\"fusion-column-wrapper fusion-column-has-shadow fusion-flex-column-wrapper-legacy\"><div class=\"fusion-clearfix\"><\/div><\/div><\/div><div class=\"fusion-layout-column fusion_builder_column fusion-builder-column-9 fusion_builder_column_1_4 1_4 fusion-one-fourth\" style=\"--awb-bg-color:#f4f4f4;--awb-bg-color-hover:#f4f4f4;--awb-bg-size:cover;--awb-border-color:#c6c6c6;--awb-border-top:1px;--awb-border-right:1px;--awb-border-bottom:1px;--awb-border-left:1px;--awb-border-style:solid;width:22%; margin-right: 4%;\"><div class=\"fusion-column-wrapper fusion-flex-column-wrapper-legacy\"><div class=\"fusion-image-element fusion-image-align-center in-legacy-container\" style=\"text-align:center;--awb-bottom-shadow-color:rgba(0,0,0,0.4);--awb-caption-title-font-family:var(--h2_typography-font-family);--awb-caption-title-font-weight:var(--h2_typography-font-weight);--awb-caption-title-font-style:var(--h2_typography-font-style);--awb-caption-title-size:var(--h2_typography-font-size);--awb-caption-title-transform:var(--h2_typography-text-transform);--awb-caption-title-line-height:var(--h2_typography-line-height);--awb-caption-title-letter-spacing:var(--h2_typography-letter-spacing);\"><div class=\"imageframe-align-center\"><div class=\"awb-image-frame awb-image-frame-4 awb-bottomshadow\"><span class=\" fusion-imageframe imageframe-bottomshadow imageframe-4 hover-type-none\"><img decoding=\"async\" width=\"640\" height=\"960\" title=\"Birgit Thaler\" src=\"https:\/\/www.dr-thaler.at\/zahnarzt\/wp-content\/uploads\/2020\/11\/ordinationsteam_thaler-birgit.jpg\" alt class=\"img-responsive wp-image-439\" srcset=\"https:\/\/www.dr-thaler.at\/zahnarzt\/wp-content\/uploads\/2020\/11\/ordinationsteam_thaler-birgit-200x300.jpg 200w, https:\/\/www.dr-thaler.at\/zahnarzt\/wp-content\/uploads\/2020\/11\/ordinationsteam_thaler-birgit-400x600.jpg 400w, https:\/\/www.dr-thaler.at\/zahnarzt\/wp-content\/uploads\/2020\/11\/ordinationsteam_thaler-birgit-600x900.jpg 600w, https:\/\/www.dr-thaler.at\/zahnarzt\/wp-content\/uploads\/2020\/11\/ordinationsteam_thaler-birgit.jpg 640w\" sizes=\"(max-width: 800px) 100vw, 400px\" \/><\/span><svg xmlns=\"http:\/\/www.w3.org\/2000\/svg\" version=\"1.1\" width=\"100%\" viewBox=\"0 0 600 28\" preserveAspectRatio=\"none\"><g clip-path=\"url(#a)\"><mask id=\"b\" style=\"mask-type:luminance\" maskUnits=\"userSpaceOnUse\" x=\"0\" y=\"0\" width=\"600\" height=\"28\"><path d=\"M0 0h600v28H0V0Z\" fill=\"#fff\"\/><\/mask><g filter=\"url(#c)\" mask=\"url(#b)\"><path d=\"M16.439-18.667h567.123v30.8S438.961-8.4 300-8.4C161.04-8.4 16.438 12.133 16.438 12.133v-30.8Z\" fill=\"#000\"\/><\/g><\/g><defs><clipPath id=\"a\"><path fill=\"#fff\" d=\"M0 0h600v28H0z\"\/><\/clipPath><filter id=\"c\" x=\"5.438\" y=\"-29.667\" width=\"589.123\" height=\"52.8\" filterUnits=\"userSpaceOnUse\" color-interpolation-filters=\"sRGB\"><feFlood flood-opacity=\"0\" result=\"BackgroundImageFix\"\/><feBlend in=\"SourceGraphic\" in2=\"BackgroundImageFix\" result=\"shape\"\/><feGaussianBlur stdDeviation=\"5.5\" result=\"effect1_foregroundBlur_3983_183\"\/><\/filter><\/defs><\/svg><\/div><\/div><\/div><div class=\"fusion-text fusion-text-7\"><p style=\"text-align: center; padding-top: 20px;\"><span style=\"font-family: Open Sans; font-size: 18px; font-weight: 400;\">BIRGIT<\/span><br \/>\n<small>Administration<br \/>\nProphylaxe Assistentin<br \/>\nZahn\u00e4rztl. FA<\/small><\/p>\n<\/div><div class=\"fusion-clearfix\"><\/div><\/div><\/div><div class=\"fusion-layout-column fusion_builder_column fusion-builder-column-10 fusion_builder_column_1_4 1_4 fusion-one-fourth\" style=\"--awb-bg-color:#f4f4f4;--awb-bg-color-hover:#f4f4f4;--awb-bg-size:cover;--awb-border-color:#c6c6c6;--awb-border-top:1px;--awb-border-right:1px;--awb-border-bottom:1px;--awb-border-left:1px;--awb-border-style:solid;width:22%; margin-right: 4%;\"><div class=\"fusion-column-wrapper fusion-flex-column-wrapper-legacy\"><div class=\"fusion-image-element fusion-image-align-center in-legacy-container\" style=\"text-align:center;--awb-bottom-shadow-color:rgba(0,0,0,0.4);--awb-caption-title-font-family:var(--h2_typography-font-family);--awb-caption-title-font-weight:var(--h2_typography-font-weight);--awb-caption-title-font-style:var(--h2_typography-font-style);--awb-caption-title-size:var(--h2_typography-font-size);--awb-caption-title-transform:var(--h2_typography-text-transform);--awb-caption-title-line-height:var(--h2_typography-line-height);--awb-caption-title-letter-spacing:var(--h2_typography-letter-spacing);\"><div class=\"imageframe-align-center\"><div class=\"awb-image-frame awb-image-frame-5 awb-bottomshadow\"><span class=\" fusion-imageframe imageframe-bottomshadow imageframe-5 hover-type-none\"><img decoding=\"async\" width=\"640\" height=\"960\" title=\"Theres Winkler\" src=\"https:\/\/www.dr-thaler.at\/zahnarzt\/wp-content\/uploads\/2020\/11\/ordinationsteam_winkler-theres-1.jpg\" alt class=\"img-responsive wp-image-445\" srcset=\"https:\/\/www.dr-thaler.at\/zahnarzt\/wp-content\/uploads\/2020\/11\/ordinationsteam_winkler-theres-1-200x300.jpg 200w, https:\/\/www.dr-thaler.at\/zahnarzt\/wp-content\/uploads\/2020\/11\/ordinationsteam_winkler-theres-1-400x600.jpg 400w, https:\/\/www.dr-thaler.at\/zahnarzt\/wp-content\/uploads\/2020\/11\/ordinationsteam_winkler-theres-1-600x900.jpg 600w, https:\/\/www.dr-thaler.at\/zahnarzt\/wp-content\/uploads\/2020\/11\/ordinationsteam_winkler-theres-1.jpg 640w\" sizes=\"(max-width: 800px) 100vw, 400px\" \/><\/span><svg xmlns=\"http:\/\/www.w3.org\/2000\/svg\" version=\"1.1\" width=\"100%\" viewBox=\"0 0 600 28\" preserveAspectRatio=\"none\"><g clip-path=\"url(#a)\"><mask id=\"b\" style=\"mask-type:luminance\" maskUnits=\"userSpaceOnUse\" x=\"0\" y=\"0\" width=\"600\" height=\"28\"><path d=\"M0 0h600v28H0V0Z\" fill=\"#fff\"\/><\/mask><g filter=\"url(#c)\" mask=\"url(#b)\"><path d=\"M16.439-18.667h567.123v30.8S438.961-8.4 300-8.4C161.04-8.4 16.438 12.133 16.438 12.133v-30.8Z\" fill=\"#000\"\/><\/g><\/g><defs><clipPath id=\"a\"><path fill=\"#fff\" d=\"M0 0h600v28H0z\"\/><\/clipPath><filter id=\"c\" x=\"5.438\" y=\"-29.667\" width=\"589.123\" height=\"52.8\" filterUnits=\"userSpaceOnUse\" color-interpolation-filters=\"sRGB\"><feFlood flood-opacity=\"0\" result=\"BackgroundImageFix\"\/><feBlend in=\"SourceGraphic\" in2=\"BackgroundImageFix\" result=\"shape\"\/><feGaussianBlur stdDeviation=\"5.5\" result=\"effect1_foregroundBlur_3983_183\"\/><\/filter><\/defs><\/svg><\/div><\/div><\/div><div class=\"fusion-text fusion-text-8\"><p style=\"text-align: center; padding-top: 20px;\"><span style=\"font-family: Open Sans; font-size: 18px; font-weight: 400;\">THERESE<\/span><br \/>\n<small>Administration<br \/>\nProphylaxe Assistentin<br \/>\nKFO Assistentin<br \/>\nZahn\u00e4rztl. FA<br \/>\n<\/small><\/p>\n<\/div><div class=\"fusion-clearfix\"><\/div><\/div><\/div><div class=\"fusion-layout-column fusion_builder_column fusion-builder-column-11 fusion_builder_column_1_4 1_4 fusion-one-fourth fusion-column-last fusion-no-small-visibility\" style=\"--awb-bg-color:var(--awb-color1);--awb-bg-color-hover:var(--awb-color1);--awb-bg-size:cover;--awb-border-color:#c6c6c6;--awb-border-top:1px;--awb-border-right:1px;--awb-border-bottom:1px;--awb-border-left:1px;--awb-border-style:solid;width:22%;\" data-scroll-devices=\"small-visibility,medium-visibility,large-visibility\"><div class=\"fusion-column-wrapper fusion-column-has-shadow fusion-flex-column-wrapper-legacy\"><div class=\"fusion-clearfix\"><\/div><\/div><\/div><div class=\"fusion-layout-column fusion_builder_column fusion-builder-column-12 fusion_builder_column_1_4 1_4 fusion-one-fourth fusion-column-first fusion-no-small-visibility\" style=\"--awb-bg-color:var(--awb-color1);--awb-bg-color-hover:var(--awb-color1);--awb-bg-size:cover;--awb-border-color:#c6c6c6;--awb-border-top:1px;--awb-border-right:1px;--awb-border-bottom:1px;--awb-border-left:1px;--awb-border-style:solid;width:22%; margin-right: 4%;\" data-scroll-devices=\"small-visibility,medium-visibility,large-visibility\"><div class=\"fusion-column-wrapper fusion-column-has-shadow fusion-flex-column-wrapper-legacy\"><div class=\"fusion-clearfix\"><\/div><\/div><\/div><div class=\"fusion-layout-column fusion_builder_column fusion-builder-column-13 fusion_builder_column_1_4 1_4 fusion-one-fourth\" style=\"--awb-bg-color:#f4f4f4;--awb-bg-color-hover:#f4f4f4;--awb-bg-size:cover;--awb-border-color:#c6c6c6;--awb-border-top:1px;--awb-border-right:1px;--awb-border-bottom:1px;--awb-border-left:1px;--awb-border-style:solid;width:22%; margin-right: 4%;\"><div class=\"fusion-column-wrapper fusion-flex-column-wrapper-legacy\"><div class=\"fusion-image-element fusion-image-align-center in-legacy-container\" style=\"text-align:center;--awb-bottom-shadow-color:rgba(0,0,0,0.4);--awb-caption-title-font-family:var(--h2_typography-font-family);--awb-caption-title-font-weight:var(--h2_typography-font-weight);--awb-caption-title-font-style:var(--h2_typography-font-style);--awb-caption-title-size:var(--h2_typography-font-size);--awb-caption-title-transform:var(--h2_typography-text-transform);--awb-caption-title-line-height:var(--h2_typography-line-height);--awb-caption-title-letter-spacing:var(--h2_typography-letter-spacing);\"><div class=\"imageframe-align-center\"><div class=\"awb-image-frame awb-image-frame-6 awb-bottomshadow\"><span class=\" fusion-imageframe imageframe-bottomshadow imageframe-6 hover-type-none\"><img decoding=\"async\" width=\"640\" height=\"960\" title=\"Simone Bugelnig\" src=\"https:\/\/www.dr-thaler.at\/zahnarzt\/wp-content\/uploads\/2020\/11\/ordinationsteam_bugelnig-simone.jpg\" alt class=\"img-responsive wp-image-449\" srcset=\"https:\/\/www.dr-thaler.at\/zahnarzt\/wp-content\/uploads\/2020\/11\/ordinationsteam_bugelnig-simone-200x300.jpg 200w, https:\/\/www.dr-thaler.at\/zahnarzt\/wp-content\/uploads\/2020\/11\/ordinationsteam_bugelnig-simone-400x600.jpg 400w, https:\/\/www.dr-thaler.at\/zahnarzt\/wp-content\/uploads\/2020\/11\/ordinationsteam_bugelnig-simone-600x900.jpg 600w, https:\/\/www.dr-thaler.at\/zahnarzt\/wp-content\/uploads\/2020\/11\/ordinationsteam_bugelnig-simone.jpg 640w\" sizes=\"(max-width: 800px) 100vw, 400px\" \/><\/span><svg xmlns=\"http:\/\/www.w3.org\/2000\/svg\" version=\"1.1\" width=\"100%\" viewBox=\"0 0 600 28\" preserveAspectRatio=\"none\"><g clip-path=\"url(#a)\"><mask id=\"b\" style=\"mask-type:luminance\" maskUnits=\"userSpaceOnUse\" x=\"0\" y=\"0\" width=\"600\" height=\"28\"><path d=\"M0 0h600v28H0V0Z\" fill=\"#fff\"\/><\/mask><g filter=\"url(#c)\" mask=\"url(#b)\"><path d=\"M16.439-18.667h567.123v30.8S438.961-8.4 300-8.4C161.04-8.4 16.438 12.133 16.438 12.133v-30.8Z\" fill=\"#000\"\/><\/g><\/g><defs><clipPath id=\"a\"><path fill=\"#fff\" d=\"M0 0h600v28H0z\"\/><\/clipPath><filter id=\"c\" x=\"5.438\" y=\"-29.667\" width=\"589.123\" height=\"52.8\" filterUnits=\"userSpaceOnUse\" color-interpolation-filters=\"sRGB\"><feFlood flood-opacity=\"0\" result=\"BackgroundImageFix\"\/><feBlend in=\"SourceGraphic\" in2=\"BackgroundImageFix\" result=\"shape\"\/><feGaussianBlur stdDeviation=\"5.5\" result=\"effect1_foregroundBlur_3983_183\"\/><\/filter><\/defs><\/svg><\/div><\/div><\/div><div class=\"fusion-text fusion-text-9\"><p style=\"text-align: center; padding-top: 20px;\"><span style=\"font-family: Open Sans; font-size: 18px; font-weight: 400;\">SIMONE<\/span><br \/>\n<small>Administration<br \/>\nProphylaxe Assistentin<br \/>\nKFO Assistentin<br \/>\nZahn\u00e4rztl. FA<br \/>\n<\/small><\/p>\n<\/div><div class=\"fusion-clearfix\"><\/div><\/div><\/div><div class=\"fusion-layout-column fusion_builder_column fusion-builder-column-14 fusion_builder_column_1_4 1_4 fusion-one-fourth\" style=\"--awb-bg-color:#f4f4f4;--awb-bg-color-hover:#f4f4f4;--awb-bg-size:cover;--awb-border-color:#c6c6c6;--awb-border-top:1px;--awb-border-right:1px;--awb-border-bottom:1px;--awb-border-left:1px;--awb-border-style:solid;width:22%; margin-right: 4%;\"><div class=\"fusion-column-wrapper fusion-flex-column-wrapper-legacy\"><div class=\"fusion-image-element fusion-image-align-center in-legacy-container\" style=\"text-align:center;--awb-bottom-shadow-color:rgba(0,0,0,0.4);--awb-caption-title-font-family:var(--h2_typography-font-family);--awb-caption-title-font-weight:var(--h2_typography-font-weight);--awb-caption-title-font-style:var(--h2_typography-font-style);--awb-caption-title-size:var(--h2_typography-font-size);--awb-caption-title-transform:var(--h2_typography-text-transform);--awb-caption-title-line-height:var(--h2_typography-line-height);--awb-caption-title-letter-spacing:var(--h2_typography-letter-spacing);\"><div class=\"imageframe-align-center\"><div class=\"awb-image-frame awb-image-frame-7 awb-bottomshadow\"><span class=\" fusion-imageframe imageframe-bottomshadow imageframe-7 hover-type-none\"><img decoding=\"async\" width=\"640\" height=\"960\" title=\"Ordinationsteam\" src=\"https:\/\/www.dr-thaler.at\/zahnarzt\/wp-content\/uploads\/2024\/05\/ordinationsteam_platzhalterfoto-1.webp\" alt class=\"img-responsive wp-image-528\" srcset=\"https:\/\/www.dr-thaler.at\/zahnarzt\/wp-content\/uploads\/2024\/05\/ordinationsteam_platzhalterfoto-1-200x300.webp 200w, https:\/\/www.dr-thaler.at\/zahnarzt\/wp-content\/uploads\/2024\/05\/ordinationsteam_platzhalterfoto-1-400x600.webp 400w, https:\/\/www.dr-thaler.at\/zahnarzt\/wp-content\/uploads\/2024\/05\/ordinationsteam_platzhalterfoto-1-600x900.webp 600w, https:\/\/www.dr-thaler.at\/zahnarzt\/wp-content\/uploads\/2024\/05\/ordinationsteam_platzhalterfoto-1.webp 640w\" sizes=\"(max-width: 800px) 100vw, 400px\" \/><\/span><svg xmlns=\"http:\/\/www.w3.org\/2000\/svg\" version=\"1.1\" width=\"100%\" viewBox=\"0 0 600 28\" preserveAspectRatio=\"none\"><g clip-path=\"url(#a)\"><mask id=\"b\" style=\"mask-type:luminance\" maskUnits=\"userSpaceOnUse\" x=\"0\" y=\"0\" width=\"600\" height=\"28\"><path d=\"M0 0h600v28H0V0Z\" fill=\"#fff\"\/><\/mask><g filter=\"url(#c)\" mask=\"url(#b)\"><path d=\"M16.439-18.667h567.123v30.8S438.961-8.4 300-8.4C161.04-8.4 16.438 12.133 16.438 12.133v-30.8Z\" fill=\"#000\"\/><\/g><\/g><defs><clipPath id=\"a\"><path fill=\"#fff\" d=\"M0 0h600v28H0z\"\/><\/clipPath><filter id=\"c\" x=\"5.438\" y=\"-29.667\" width=\"589.123\" height=\"52.8\" filterUnits=\"userSpaceOnUse\" color-interpolation-filters=\"sRGB\"><feFlood flood-opacity=\"0\" result=\"BackgroundImageFix\"\/><feBlend in=\"SourceGraphic\" in2=\"BackgroundImageFix\" result=\"shape\"\/><feGaussianBlur stdDeviation=\"5.5\" result=\"effect1_foregroundBlur_3983_183\"\/><\/filter><\/defs><\/svg><\/div><\/div><\/div><div class=\"fusion-text fusion-text-10\"><p style=\"text-align: center; padding-top: 20px;\"><span style=\"font-family: Open Sans; font-size: 18px; font-weight: 400;\">DENISE<\/span><br \/>\n<small>Administration<br \/>\nProphylaxe Assistentin<br \/>\nKFO Assistentin<br \/>\nZahn\u00e4rztl. FA<br \/>\n<\/small><\/p>\n<\/div><div class=\"fusion-clearfix\"><\/div><\/div><\/div><div class=\"fusion-layout-column fusion_builder_column fusion-builder-column-15 fusion_builder_column_1_4 1_4 fusion-one-fourth fusion-column-last fusion-no-small-visibility\" style=\"--awb-bg-color:var(--awb-color1);--awb-bg-color-hover:var(--awb-color1);--awb-bg-size:cover;--awb-border-color:#c6c6c6;--awb-border-top:1px;--awb-border-right:1px;--awb-border-bottom:1px;--awb-border-left:1px;--awb-border-style:solid;width:22%;\" data-scroll-devices=\"small-visibility,medium-visibility,large-visibility\"><div class=\"fusion-column-wrapper fusion-column-has-shadow fusion-flex-column-wrapper-legacy\"><div class=\"fusion-clearfix\"><\/div><\/div><\/div><\/div><\/div><\/p>\n","protected":false},"excerpt":{"rendered":"","protected":false},"author":1,"featured_media":0,"parent":0,"menu_order":0,"comment_status":"closed","ping_status":"closed","template":"","meta":{"footnotes":""},"class_list":["post-9","page","type-page","status-publish","hentry"],"yoast_head":"<!-- This site is optimized with the Yoast SEO plugin v27.0 - https:\/\/yoast.com\/product\/yoast-seo-wordpress\/ -->\n<title>Dr. Christian Thaler :: Facharzt f\u00fcr Zahn-, Mund- und Kieferheilkunde in Villach | Team<\/title>\n<meta name=\"description\" content=\"Unsere Fach\u00e4rzte Dr. Christian Thaler, Dr. Manuel Gappitz und Dr. Michaela Roth (Kieferorthop\u00e4din) werden von einem Team aus vier Zahnarzt- und Prophylaxeassistentinnen, Zahntechnikerinnen und Rezeptionistinnen unterst\u00fctzt. Dabei legen wir besonderen Wert auf die Auswahl und Weiterbildung qualifizierter Mitarbeiter.\" \/>\n<meta name=\"robots\" content=\"index, follow, max-snippet:-1, max-image-preview:large, max-video-preview:-1\" \/>\n<link rel=\"canonical\" href=\"https:\/\/www.dr-thaler.at\/zahnarzt\/team\/\" \/>\n<meta property=\"og:locale\" content=\"de_DE\" \/>\n<meta property=\"og:type\" content=\"article\" \/>\n<meta property=\"og:title\" content=\"Dr. Christian Thaler :: Facharzt f\u00fcr Zahn-, Mund- und Kieferheilkunde in Villach | Team\" \/>\n<meta property=\"og:description\" content=\"Unsere Fach\u00e4rzte Dr. Christian Thaler, Dr. Manuel Gappitz und Dr. Michaela Roth (Kieferorthop\u00e4din) werden von einem Team aus vier Zahnarzt- und Prophylaxeassistentinnen, Zahntechnikerinnen und Rezeptionistinnen unterst\u00fctzt. Dabei legen wir besonderen Wert auf die Auswahl und Weiterbildung qualifizierter Mitarbeiter.\" \/>\n<meta property=\"og:url\" content=\"https:\/\/www.dr-thaler.at\/zahnarzt\/team\/\" \/>\n<meta property=\"og:site_name\" content=\"Dr. Christian Thaler :: Facharzt f\u00fcr Zahn-, Mund- und Kieferheilkunde in Villach\" \/>\n<meta property=\"article:modified_time\" content=\"2025-10-13T16:20:08+00:00\" \/>\n<meta name=\"twitter:card\" content=\"summary_large_image\" \/>\n<meta name=\"twitter:label1\" content=\"Gesch\u00e4tzte Lesezeit\" \/>\n\t<meta name=\"twitter:data1\" content=\"3\u00a0Minuten\" \/>\n<script type=\"application\/ld+json\" class=\"yoast-schema-graph\">{\"@context\":\"https:\/\/schema.org\",\"@graph\":[{\"@type\":\"WebPage\",\"@id\":\"https:\/\/www.dr-thaler.at\/zahnarzt\/team\/\",\"url\":\"https:\/\/www.dr-thaler.at\/zahnarzt\/team\/\",\"name\":\"Dr. Christian Thaler :: Facharzt f\u00fcr Zahn-, Mund- und Kieferheilkunde in Villach | Team\",\"isPartOf\":{\"@id\":\"https:\/\/www.dr-thaler.at\/zahnarzt\/#website\"},\"datePublished\":\"2024-05-15T08:59:16+00:00\",\"dateModified\":\"2025-10-13T16:20:08+00:00\",\"description\":\"Unsere Fach\u00e4rzte Dr. Christian Thaler, Dr. Manuel Gappitz und Dr. Michaela Roth (Kieferorthop\u00e4din) werden von einem Team aus vier Zahnarzt- und Prophylaxeassistentinnen, Zahntechnikerinnen und Rezeptionistinnen unterst\u00fctzt. Dabei legen wir besonderen Wert auf die Auswahl und Weiterbildung qualifizierter Mitarbeiter.\",\"breadcrumb\":{\"@id\":\"https:\/\/www.dr-thaler.at\/zahnarzt\/team\/#breadcrumb\"},\"inLanguage\":\"de\",\"potentialAction\":[{\"@type\":\"ReadAction\",\"target\":[\"https:\/\/www.dr-thaler.at\/zahnarzt\/team\/\"]}]},{\"@type\":\"BreadcrumbList\",\"@id\":\"https:\/\/www.dr-thaler.at\/zahnarzt\/team\/#breadcrumb\",\"itemListElement\":[{\"@type\":\"ListItem\",\"position\":1,\"name\":\"Startseite\",\"item\":\"https:\/\/www.dr-thaler.at\/zahnarzt\/\"},{\"@type\":\"ListItem\",\"position\":2,\"name\":\"Team\"}]},{\"@type\":\"WebSite\",\"@id\":\"https:\/\/www.dr-thaler.at\/zahnarzt\/#website\",\"url\":\"https:\/\/www.dr-thaler.at\/zahnarzt\/\",\"name\":\"Dr. Christian Thaler :: Facharzt f\u00fcr Zahn-, Mund- und Kieferheilkunde in Villach\",\"description\":\"MedCenter Villach-S\u00fcd, Backsteingasse 8\",\"publisher\":{\"@id\":\"https:\/\/www.dr-thaler.at\/zahnarzt\/#organization\"},\"potentialAction\":[{\"@type\":\"SearchAction\",\"target\":{\"@type\":\"EntryPoint\",\"urlTemplate\":\"https:\/\/www.dr-thaler.at\/zahnarzt\/?s={search_term_string}\"},\"query-input\":{\"@type\":\"PropertyValueSpecification\",\"valueRequired\":true,\"valueName\":\"search_term_string\"}}],\"inLanguage\":\"de\"},{\"@type\":\"Organization\",\"@id\":\"https:\/\/www.dr-thaler.at\/zahnarzt\/#organization\",\"name\":\"Zahnarzt Ordination Dr. Thaler Villach\",\"url\":\"https:\/\/www.dr-thaler.at\/zahnarzt\/\",\"logo\":{\"@type\":\"ImageObject\",\"inLanguage\":\"de\",\"@id\":\"https:\/\/www.dr-thaler.at\/zahnarzt\/#\/schema\/logo\/image\/\",\"url\":\"https:\/\/www.dr-thaler.at\/zahnarzt\/wp-content\/uploads\/2016\/04\/Logo_THALER-ZAHNARZT_web-retina.png\",\"contentUrl\":\"https:\/\/www.dr-thaler.at\/zahnarzt\/wp-content\/uploads\/2016\/04\/Logo_THALER-ZAHNARZT_web-retina.png\",\"width\":573,\"height\":200,\"caption\":\"Zahnarzt Ordination Dr. Thaler Villach\"},\"image\":{\"@id\":\"https:\/\/www.dr-thaler.at\/zahnarzt\/#\/schema\/logo\/image\/\"}}]}<\/script>\n<!-- \/ Yoast SEO plugin. -->","yoast_head_json":{"title":"Dr. Christian Thaler :: Facharzt f\u00fcr Zahn-, Mund- und Kieferheilkunde in Villach | Team","description":"Unsere Fach\u00e4rzte Dr. Christian Thaler, Dr. Manuel Gappitz und Dr. Michaela Roth (Kieferorthop\u00e4din) werden von einem Team aus vier Zahnarzt- und Prophylaxeassistentinnen, Zahntechnikerinnen und Rezeptionistinnen unterst\u00fctzt. Dabei legen wir besonderen Wert auf die Auswahl und Weiterbildung qualifizierter Mitarbeiter.","robots":{"index":"index","follow":"follow","max-snippet":"max-snippet:-1","max-image-preview":"max-image-preview:large","max-video-preview":"max-video-preview:-1"},"canonical":"https:\/\/www.dr-thaler.at\/zahnarzt\/team\/","og_locale":"de_DE","og_type":"article","og_title":"Dr. Christian Thaler :: Facharzt f\u00fcr Zahn-, Mund- und Kieferheilkunde in Villach | Team","og_description":"Unsere Fach\u00e4rzte Dr. Christian Thaler, Dr. Manuel Gappitz und Dr. Michaela Roth (Kieferorthop\u00e4din) werden von einem Team aus vier Zahnarzt- und Prophylaxeassistentinnen, Zahntechnikerinnen und Rezeptionistinnen unterst\u00fctzt. Dabei legen wir besonderen Wert auf die Auswahl und Weiterbildung qualifizierter Mitarbeiter.","og_url":"https:\/\/www.dr-thaler.at\/zahnarzt\/team\/","og_site_name":"Dr. Christian Thaler :: Facharzt f\u00fcr Zahn-, Mund- und Kieferheilkunde in Villach","article_modified_time":"2025-10-13T16:20:08+00:00","twitter_card":"summary_large_image","twitter_misc":{"Gesch\u00e4tzte Lesezeit":"3\u00a0Minuten"},"schema":{"@context":"https:\/\/schema.org","@graph":[{"@type":"WebPage","@id":"https:\/\/www.dr-thaler.at\/zahnarzt\/team\/","url":"https:\/\/www.dr-thaler.at\/zahnarzt\/team\/","name":"Dr. Christian Thaler :: Facharzt f\u00fcr Zahn-, Mund- und Kieferheilkunde in Villach | Team","isPartOf":{"@id":"https:\/\/www.dr-thaler.at\/zahnarzt\/#website"},"datePublished":"2024-05-15T08:59:16+00:00","dateModified":"2025-10-13T16:20:08+00:00","description":"Unsere Fach\u00e4rzte Dr. Christian Thaler, Dr. Manuel Gappitz und Dr. Michaela Roth (Kieferorthop\u00e4din) werden von einem Team aus vier Zahnarzt- und Prophylaxeassistentinnen, Zahntechnikerinnen und Rezeptionistinnen unterst\u00fctzt. Dabei legen wir besonderen Wert auf die Auswahl und Weiterbildung qualifizierter Mitarbeiter.","breadcrumb":{"@id":"https:\/\/www.dr-thaler.at\/zahnarzt\/team\/#breadcrumb"},"inLanguage":"de","potentialAction":[{"@type":"ReadAction","target":["https:\/\/www.dr-thaler.at\/zahnarzt\/team\/"]}]},{"@type":"BreadcrumbList","@id":"https:\/\/www.dr-thaler.at\/zahnarzt\/team\/#breadcrumb","itemListElement":[{"@type":"ListItem","position":1,"name":"Startseite","item":"https:\/\/www.dr-thaler.at\/zahnarzt\/"},{"@type":"ListItem","position":2,"name":"Team"}]},{"@type":"WebSite","@id":"https:\/\/www.dr-thaler.at\/zahnarzt\/#website","url":"https:\/\/www.dr-thaler.at\/zahnarzt\/","name":"Dr. Christian Thaler :: Facharzt f\u00fcr Zahn-, Mund- und Kieferheilkunde in Villach","description":"MedCenter Villach-S\u00fcd, Backsteingasse 8","publisher":{"@id":"https:\/\/www.dr-thaler.at\/zahnarzt\/#organization"},"potentialAction":[{"@type":"SearchAction","target":{"@type":"EntryPoint","urlTemplate":"https:\/\/www.dr-thaler.at\/zahnarzt\/?s={search_term_string}"},"query-input":{"@type":"PropertyValueSpecification","valueRequired":true,"valueName":"search_term_string"}}],"inLanguage":"de"},{"@type":"Organization","@id":"https:\/\/www.dr-thaler.at\/zahnarzt\/#organization","name":"Zahnarzt Ordination Dr. Thaler Villach","url":"https:\/\/www.dr-thaler.at\/zahnarzt\/","logo":{"@type":"ImageObject","inLanguage":"de","@id":"https:\/\/www.dr-thaler.at\/zahnarzt\/#\/schema\/logo\/image\/","url":"https:\/\/www.dr-thaler.at\/zahnarzt\/wp-content\/uploads\/2016\/04\/Logo_THALER-ZAHNARZT_web-retina.png","contentUrl":"https:\/\/www.dr-thaler.at\/zahnarzt\/wp-content\/uploads\/2016\/04\/Logo_THALER-ZAHNARZT_web-retina.png","width":573,"height":200,"caption":"Zahnarzt Ordination Dr. Thaler Villach"},"image":{"@id":"https:\/\/www.dr-thaler.at\/zahnarzt\/#\/schema\/logo\/image\/"}}]}},"_links":{"self":[{"href":"https:\/\/www.dr-thaler.at\/zahnarzt\/wp-json\/wp\/v2\/pages\/9","targetHints":{"allow":["GET"]}}],"collection":[{"href":"https:\/\/www.dr-thaler.at\/zahnarzt\/wp-json\/wp\/v2\/pages"}],"about":[{"href":"https:\/\/www.dr-thaler.at\/zahnarzt\/wp-json\/wp\/v2\/types\/page"}],"author":[{"embeddable":true,"href":"https:\/\/www.dr-thaler.at\/zahnarzt\/wp-json\/wp\/v2\/users\/1"}],"replies":[{"embeddable":true,"href":"https:\/\/www.dr-thaler.at\/zahnarzt\/wp-json\/wp\/v2\/comments?post=9"}],"version-history":[{"count":24,"href":"https:\/\/www.dr-thaler.at\/zahnarzt\/wp-json\/wp\/v2\/pages\/9\/revisions"}],"predecessor-version":[{"id":559,"href":"https:\/\/www.dr-thaler.at\/zahnarzt\/wp-json\/wp\/v2\/pages\/9\/revisions\/559"}],"wp:attachment":[{"href":"https:\/\/www.dr-thaler.at\/zahnarzt\/wp-json\/wp\/v2\/media?parent=9"}],"curies":[{"name":"wp","href":"https:\/\/api.w.org\/{rel}","templated":true}]}}